{"id":30,"date":"2020-01-31T19:32:44","date_gmt":"2020-01-31T19:32:44","guid":{"rendered":"https:\/\/chairematernite.ca\/?page_id=30"},"modified":"2024-01-23T22:56:07","modified_gmt":"2024-01-23T22:56:07","slug":"artistes-en-residence","status":"publish","type":"page","link":"https:\/\/chairematernite.ca\/en\/artistes-en-residence\/","title":{"rendered":"Artists in Residence"},"content":{"rendered":"\n<div class=\"wp-block-group alignwide\"><div class=\"wp-block-group__inner-container is-layout-flow wp-block-group-is-layout-flow\">\n<div class=\"wp-block-group alignwide\"><div class=\"wp-block-group__inner-container is-layout-flow wp-block-group-is-layout-flow\">\n<h1 class=\"wp-block-heading\">Heidi Barkun<\/h1>\n\n\n\n<p><a href=\"https:\/\/chairematernite.ca\/heidi-barkun\/\">Consulter le blogue de recherche-cr\u00e9ation<\/a><\/p>\n\n\n\n<div class=\"wp-block-media-text alignwide is-stacked-on-mobile is-vertically-aligned-top\" style=\"grid-template-columns:36% auto\"><figure class=\"wp-block-media-text__media\"><img loading=\"lazy\" decoding=\"async\" width=\"682\" height=\"1024\" src=\"https:\/\/chairematernite.ca\/wp-content\/uploads\/2024\/01\/Barkun_Heidi-photo-682x1024.jpg\" alt=\"\" class=\"wp-image-1096 size-full\" srcset=\"https:\/\/chairematernite.ca\/wp-content\/uploads\/2024\/01\/Barkun_Heidi-photo-682x1024.jpg 682w, https:\/\/chairematernite.ca\/wp-content\/uploads\/2024\/01\/Barkun_Heidi-photo-200x300.jpg 200w, https:\/\/chairematernite.ca\/wp-content\/uploads\/2024\/01\/Barkun_Heidi-photo-768x1152.jpg 768w, https:\/\/chairematernite.ca\/wp-content\/uploads\/2024\/01\/Barkun_Heidi-photo-1024x1536.jpg 1024w, https:\/\/chairematernite.ca\/wp-content\/uploads\/2024\/01\/Barkun_Heidi-photo-8x12.jpg 8w, https:\/\/chairematernite.ca\/wp-content\/uploads\/2024\/01\/Barkun_Heidi-photo.jpg 1333w\" sizes=\"auto, (max-width: 682px) 100vw, 682px\" \/><\/figure><div class=\"wp-block-media-text__content\">\n<p>Heidi Barkun est artiste transdisciplinaire qui explore les constructions identitaires par une pratique de l\u2019installation contextuelle en employant la voix, le texte, les objets et les lieux comme m\u00e9dias de r\u00e9sistance aux d\u00e9finitions normatives. L\u2019attention port\u00e9e \u00e0 son infertilit\u00e9 dans ses \u0153uvres r\u00e9centes d\u00e9coule de quatre ans de traitements infructueux de f\u00e9condation in vitro. Elle d\u00e9tient une ma\u00eetrise en arts visuels et m\u00e9diatiques avec concentration en \u00e9tudes f\u00e9ministes (Universit\u00e9 du Qu\u00e9bec \u00e0 Montr\u00e9al, 2020), un baccalaur\u00e9at en beaux-arts (Universit\u00e9 Concordia, 1999) et un baccalaur\u00e9at en sciences (Universit\u00e9 McGill, 1995). Barkun est la laur\u00e9ate 2020 de la Bourse Claudine-et-Stephen Bronfman en art contemporain (UQAM)\u200b. Ses \u0153uvres ont \u00e9t\u00e9 expos\u00e9es au Canada, aux \u00c9tats-Unis, en Europe et en Am\u00e9rique du Sud, et elle a pr\u00e9sent\u00e9 ses recherches \u00e0 plusieurs conf\u00e9rences acad\u00e9miques (Paris, Vienne, New York, Aalborg, Montr\u00e9al). Par voie de son art, Barkun invite le public \u00e0 repenser les rapports entre science, r\u00f4les sociaux et procr\u00e9ation.<\/p>\n\n\n\n<p><br><a rel=\"noreferrer noopener\" href=\"https:\/\/www.heidibarkun.com\/\" target=\"_blank\">Site Internet&nbsp;|&nbsp;<\/a><a rel=\"noreferrer noopener\" href=\"https:\/\/www.facebook.com\/heidi.barkun.9\" target=\"_blank\">Facebook&nbsp;|&nbsp;<\/a><a rel=\"noreferrer noopener\" href=\"https:\/\/www.instagram.com\/heidibarkun\/\" target=\"_blank\">Instagram<\/a><\/p>\n\n\n\n<p><\/p>\n<\/div><\/div>\n<\/div><\/div>\n<\/div><\/div>\n\n\n\n<p class=\"has-text-align-right\"><\/p>\n\n\n\n<h1 class=\"wp-block-heading\">Caroline Boileau<\/h1>\n\n\n\n<p><a href=\"https:\/\/chairematernite.ca\/caroline-boileau\/\">Consulter le blogue de recherche-cr\u00e9ation<\/a><\/p>\n\n\n\n<div class=\"wp-block-media-text alignwide is-stacked-on-mobile is-vertically-aligned-top\" style=\"grid-template-columns:37% auto\"><figure class=\"wp-block-media-text__media\"><img loading=\"lazy\" decoding=\"async\" width=\"458\" height=\"320\" src=\"https:\/\/chairematernite.ca\/wp-content\/uploads\/2020\/07\/Caroline.jpg\" alt=\"\" class=\"wp-image-142 size-full\" srcset=\"https:\/\/chairematernite.ca\/wp-content\/uploads\/2020\/07\/Caroline.jpg 458w, https:\/\/chairematernite.ca\/wp-content\/uploads\/2020\/07\/Caroline-300x210.jpg 300w\" sizes=\"auto, (max-width: 458px) 100vw, 458px\" \/><\/figure><div class=\"wp-block-media-text__content\">\n<p>Travaillant \u00e0 partir d\u2019une position f\u00e9ministe, avec un int\u00e9r\u00eat marqu\u00e9 pour la sant\u00e9 \u2013 intime, publique, sociale et politique \u2013 elle cr\u00e9e des \u0153uvres, souvent hybrides, qui s\u2019\u00e9laborent par une pratique multidisciplinaire \u00e0 travers l\u2019installation, le dessin, la vid\u00e9o et la performance. Le corps hybride, les multiples repr\u00e9sentations du corps \u2013 et celui de la femme en particulier \u2013 est un th\u00e8me r\u00e9current dans sa recherche, inspir\u00e9e par l\u2019histoire de l\u2019art, l\u2019histoire de la m\u00e9decine, des sciences et aussi de l\u2019actualit\u00e9. Par un travail en dialogue avec des lieux, des collections, des objets, des \u0153uvres, des communaut\u00e9s et des gens, son travail tend \u00e0 r\u00e9v\u00e9ler des cohabitations improbables en proposant la transformation, \u00e0 la fois po\u00e9tique et politique, d\u2019un espace partag\u00e9.&nbsp;Depuis 1995, elle a particip\u00e9 \u00e0 plusieurs r\u00e9sidences au Canada et en Europe. Son travail a \u00e9t\u00e9 pr\u00e9sent\u00e9 lors d\u2019expositions au Canada, aux \u00c9tats-Unis, au Br\u00e9sil, en Belgique, en Espagne, en Autriche, en Finlande, en Norv\u00e8ge et en Su\u00e8de.&nbsp;Son travail en vid\u00e9o est diffus\u00e9 par le GIV [Groupe intervention vid\u00e9o].<\/p>\n\n\n\n<p><br><a rel=\"noreferrer noopener\" href=\"http:\/\/www.carolineboileau.com\/\" target=\"_blank\">Site Internet<\/a><\/p>\n<\/div><\/div>\n\n\n\n<p class=\"has-text-align-right\"><\/p>\n\n\n\n<h1 class=\"wp-block-heading\">Kimberley de Jong<\/h1>\n\n\n\n<p><mark style=\"background-color:rgba(0, 0, 0, 0)\" class=\"has-inline-color has-black-color\"><a href=\"https:\/\/chairematernite.ca\/kimberley-de-jong\/\">Consulter le blogue de recherche-cr\u00e9ation<\/a><\/mark><\/p>\n\n\n\n<div class=\"wp-block-media-text alignwide is-stacked-on-mobile is-vertically-aligned-top\" style=\"grid-template-columns:37% auto\"><figure class=\"wp-block-media-text__media\"><img loading=\"lazy\" decoding=\"async\" width=\"390\" height=\"492\" src=\"https:\/\/chairematernite.ca\/wp-content\/uploads\/2020\/07\/Kimberly.jpg\" alt=\"\" class=\"wp-image-143 size-full\" srcset=\"https:\/\/chairematernite.ca\/wp-content\/uploads\/2020\/07\/Kimberly.jpg 390w, https:\/\/chairematernite.ca\/wp-content\/uploads\/2020\/07\/Kimberly-238x300.jpg 238w\" sizes=\"auto, (max-width: 390px) 100vw, 390px\" \/><\/figure><div class=\"wp-block-media-text__content\">\n<p>Chor\u00e9graphe et interpr\u00e8te, Kimberley de Jong est n\u00e9e en Australie et elle habite au Qu\u00e9bec depuis plus de quinze ans, collaborant avec des chor\u00e9graphes tels que Marie Chouinard, Fr\u00e9d\u00e9rick Gravel, Dana Gingras, Alan Lake, Martin Messier, Caroline Laurin Beaucage et Sylvain \u00c9mard. Elle s\u2019int\u00e9resse au potentiel du corps, \u00e0 sa capacit\u00e9 de d\u00e9ployer et maintenir une certaine qualit\u00e9 de pr\u00e9sence et de g\u00e9n\u00e9rer du mouvement et du son qui viennent des profondeurs de l&rsquo;\u00eatre.&nbsp;Pour cr\u00e9er ses pi\u00e8ces, elle explore des th\u00e8mes tels que les changements climatiques et l\u2019empathie humaine. Sa colla-boration avec l\u2019artiste sonore Jason Sharp a abouti \u00e0 la cr\u00e9ation de&nbsp;<em>Boxher<\/em>, pr\u00e9sent\u00e9 \u00e0 Tangente en mars 2018 et au festival de musique exp\u00e9rimentale montr\u00e9alais Suoni Per Il Popolo en juin 2018.&nbsp; Kimberley de Jong et Jason Sharp \u0153uvreront ensemble afin de produire une version longue de&nbsp;<em>Boxher<\/em>, intitul\u00e9e&nbsp;<em>The Day the Wild Cried<\/em>, gr\u00e2ce \u00e0 une r\u00e9sidence au CCOV et au MAI. Cette nouvelle \u0153uvre sera cr\u00e9\u00e9e lors d\u2019une exposition sur l\u2019intelligence cardiaque au Meinblau Art Space \u00e0 Berlin&nbsp;en mars 2020. Kimberley est aussi maman et elle travaille comme \u00ab Doula \u00bb (accompagnante de naissance et pendant la p\u00e9riode postpartum.)<\/p>\n\n\n\n<p><br><a rel=\"noreferrer noopener\" href=\"https:\/\/www.kimberleydejong.com\/\" target=\"_blank\">Site Internet<\/a><\/p>\n<\/div><\/div>\n\n\n\n<h1 class=\"wp-block-heading\"><mark style=\"background-color:rgba(0, 0, 0, 0)\" class=\"has-inline-color has-black-color\"><\/mark>Hermione Wiltshire<\/h1>\n\n\n\n<p><mark style=\"background-color:rgba(0, 0, 0, 0)\" class=\"has-inline-color has-black-color\"><a href=\"https:\/\/chairematernite.ca\/hermione-wiltshire\/\">Consulter le blogue de recherche-cr\u00e9ati<\/a><a href=\"https:\/\/chairematernite.ca\/kimberley-de-jong\/\">on<\/a><\/mark><\/p>\n\n\n\n<div class=\"wp-block-media-text alignwide is-stacked-on-mobile is-vertically-aligned-top\" style=\"grid-template-columns:37% auto\"><figure class=\"wp-block-media-text__media\"><img loading=\"lazy\" decoding=\"async\" width=\"2154\" height=\"2560\" src=\"https:\/\/chairematernite.ca\/wp-content\/uploads\/2022\/02\/BH6A1513-scaled.jpg\" alt=\"\" class=\"wp-image-1024 size-full\" srcset=\"https:\/\/chairematernite.ca\/wp-content\/uploads\/2022\/02\/BH6A1513-scaled.jpg 2154w, https:\/\/chairematernite.ca\/wp-content\/uploads\/2022\/02\/BH6A1513-252x300.jpg 252w, https:\/\/chairematernite.ca\/wp-content\/uploads\/2022\/02\/BH6A1513-862x1024.jpg 862w, https:\/\/chairematernite.ca\/wp-content\/uploads\/2022\/02\/BH6A1513-768x913.jpg 768w, https:\/\/chairematernite.ca\/wp-content\/uploads\/2022\/02\/BH6A1513-1292x1536.jpg 1292w, https:\/\/chairematernite.ca\/wp-content\/uploads\/2022\/02\/BH6A1513-1723x2048.jpg 1723w, https:\/\/chairematernite.ca\/wp-content\/uploads\/2022\/02\/BH6A1513-10x12.jpg 10w\" sizes=\"auto, (max-width: 706px) 89vw, (max-width: 767px) 82vw, 740px\" \/><\/figure><div class=\"wp-block-media-text__content\">\n<p style=\"font-size:16px\">Hermione Wiltshire est artiste et co-responsable par int\u00e9rim du programme de<br>photographie au \u2018Royal College of Art\u2019 de Londres. Elle a expos\u00e9 et donn\u00e9 de<br>nombreuses conf\u00e9rences et son travail est conserv\u00e9 dans de nombreuses<br>collections publiques et priv\u00e9es, y compris au \u2018Arts Council England\u2019, la<br>collection \u2018Weltkunst et \u2018MAG\u2019 et \u00e9galement la \u2018Birth Rites Collection\u2019 dans<br>laquelle, elle a plusieurs \u0153uvres. Avec la directrice de \u2018Birth Rites<br>Collection\u2019, Helen Knowles, elle a develop\u00e9 et dirige un cours intensif sur la<br>visualisation de l&rsquo;accouchement. Elle a organis\u00e9 deux conf\u00e9rences<br>internationales \u00e0 la \u2018Royal College of Art\u2019, Londres, intitul\u00e9es <em>Gender<br>Generation: The Creative Process in Art &amp; Design,<\/em> \u2018<em>Sexuality and<br>Power from Analogue to Digital<\/em>\u2019 en collaboration avec Annouchka Bayley et <em>Oxytocin,<\/em><br>avec \u2018Procreate\u2019 \u00e0 la RCA et au Kings College London, UK.                                                                      Son travail est une pratique photographique \u00e9largie qui place la sexualit\u00e9 et le<br>genre au centre m\u00eame de la politique de repr\u00e9sentation. La th\u00e9orie f\u00e9ministe et<br>l\u2019\u00e9tat physique de l\u2019image photographique sont des th\u00e8mes constants tout au<br>long de sa pratique et de ses recherches. Ses domaines de recherche actuels<br>comprennent la maternit\u00e9 et l\u2019accouchement.<\/p>\n\n\n\n<p><\/p>\n\n\n\n<p><\/p>\n<\/div><\/div>\n\n\n\n<pre class=\"wp-block-code\"><code><\/code><\/pre>\n","protected":false},"excerpt":{"rendered":"<p>Heidi Barkun Consulter le blogue de recherche-cr\u00e9ation Heidi Barkun est artiste transdisciplinaire qui explore les constructions identitaires par une pratique de l\u2019installation contextuelle en employant la voix, le texte, les objets et les lieux comme m\u00e9dias de r\u00e9sistance aux d\u00e9finitions normatives. L\u2019attention port\u00e9e \u00e0 son infertilit\u00e9 dans ses \u0153uvres r\u00e9centes d\u00e9coule de quatre ans de &hellip; <\/p>\n<p class=\"link-more\"><a href=\"https:\/\/chairematernite.ca\/en\/artistes-en-residence\/\" class=\"more-link\">Continue reading<span class=\"screen-reader-text\"> \u00ab\u00a0Artistes en r\u00e9sidence\u00a0\u00bb<\/span><\/a><\/p>","protected":false},"author":1,"featured_media":0,"parent":0,"menu_order":0,"comment_status":"closed","ping_status":"closed","template":"","meta":{"footnotes":""},"class_list":["post-30","page","type-page","status-publish","hentry"],"_links":{"self":[{"href":"https:\/\/chairematernite.ca\/en\/wp-json\/wp\/v2\/pages\/30","targetHints":{"allow":["GET"]}}],"collection":[{"href":"https:\/\/chairematernite.ca\/en\/wp-json\/wp\/v2\/pages"}],"about":[{"href":"https:\/\/chairematernite.ca\/en\/wp-json\/wp\/v2\/types\/page"}],"author":[{"embeddable":true,"href":"https:\/\/chairematernite.ca\/en\/wp-json\/wp\/v2\/users\/1"}],"replies":[{"embeddable":true,"href":"https:\/\/chairematernite.ca\/en\/wp-json\/wp\/v2\/comments?post=30"}],"version-history":[{"count":35,"href":"https:\/\/chairematernite.ca\/en\/wp-json\/wp\/v2\/pages\/30\/revisions"}],"predecessor-version":[{"id":1097,"href":"https:\/\/chairematernite.ca\/en\/wp-json\/wp\/v2\/pages\/30\/revisions\/1097"}],"wp:attachment":[{"href":"https:\/\/chairematernite.ca\/en\/wp-json\/wp\/v2\/media?parent=30"}],"curies":[{"name":"wp","href":"https:\/\/api.w.org\/{rel}","templated":true}]}}